{"id":2073,"date":"2018-12-10T15:30:44","date_gmt":"2018-12-10T15:30:44","guid":{"rendered":"https:\/\/www.centrocongressosalgarve.com\/ativacoes-de-marca-e-lancamento-de-produto\/"},"modified":"2019-03-20T10:21:45","modified_gmt":"2019-03-20T10:21:45","slug":"ativacoes-de-marca-e-lancamento-de-produto","status":"publish","type":"page","link":"https:\/\/www.centrocongressosalgarve.com\/de\/eventos-sociais\/ativacoes-de-marca-e-lancamento-de-produto\/","title":{"rendered":"Markenaktivierungen und Produkteinf\u00fchrungen"},"content":{"rendered":"\n<p>Mit 22 modularen und multifunktionalen Tagungsr\u00e4umen und Support-Foyers vereint das Kongresszentrum in der Algarve die idealen Voraussetzungen f\u00fcr Markenaktivierungen und Produkteinf\u00fchrungen, die durch verschiedene   Catering-Services, Gastgewerbe und lokale Ereignisse erg\u00e4nzt werden k\u00f6nnen,   um denkw\u00fcrdige Events, die hier stattfinden, zu schaffen. Die technischen und technologischen Bedingungen in den R\u00e4umen (von den Zug\u00e4ngen bis hin zu den Netzwerken und den Aufh\u00e4ngungsl\u00f6sungen) garantieren die notwendige Basis f\u00fcr die Durchf\u00fchrung anspruchsvollster Veranstaltungen und Produktionen.   <\/p>\n","protected":false},"excerpt":{"rendered":"<p>Mit 22 modularen und multifunktionalen Tagungsr\u00e4umen und Support-Foyers vereint das Kongresszentrum in der Algarve die idealen Voraussetzungen f\u00fcr Markenaktivierungen und Produkteinf\u00fchrungen, die durch verschiedene Catering-Services, Gastgewerbe und lokale Ereignisse erg\u00e4nzt werden k\u00f6nnen, um denkw\u00fcrdige Events, die hier stattfinden, zu schaffen. Die technischen und technologischen Bedingungen in den R\u00e4umen (von den Zug\u00e4ngen bis hin zu den [&hellip;]<\/p>\n","protected":false},"author":2,"featured_media":1723,"parent":2101,"menu_order":0,"comment_status":"closed","ping_status":"closed","template":"templates\/social-events-child.php","meta":{"_acf_changed":false,"om_disable_all_campaigns":false,"inline_featured_image":false,"footnotes":""},"class_list":["post-2073","page","type-page","status-publish","has-post-thumbnail","hentry","page-entry"],"acf":[],"aioseo_notices":[],"_links":{"self":[{"href":"https:\/\/www.centrocongressosalgarve.com\/de\/wp-json\/wp\/v2\/pages\/2073","targetHints":{"allow":["GET"]}}],"collection":[{"href":"https:\/\/www.centrocongressosalgarve.com\/de\/wp-json\/wp\/v2\/pages"}],"about":[{"href":"https:\/\/www.centrocongressosalgarve.com\/de\/wp-json\/wp\/v2\/types\/page"}],"author":[{"embeddable":true,"href":"https:\/\/www.centrocongressosalgarve.com\/de\/wp-json\/wp\/v2\/users\/2"}],"replies":[{"embeddable":true,"href":"https:\/\/www.centrocongressosalgarve.com\/de\/wp-json\/wp\/v2\/comments?post=2073"}],"version-history":[{"count":3,"href":"https:\/\/www.centrocongressosalgarve.com\/de\/wp-json\/wp\/v2\/pages\/2073\/revisions"}],"predecessor-version":[{"id":2495,"href":"https:\/\/www.centrocongressosalgarve.com\/de\/wp-json\/wp\/v2\/pages\/2073\/revisions\/2495"}],"up":[{"embeddable":true,"href":"https:\/\/www.centrocongressosalgarve.com\/de\/wp-json\/wp\/v2\/pages\/2101"}],"wp:featuredmedia":[{"embeddable":true,"href":"https:\/\/www.centrocongressosalgarve.com\/de\/wp-json\/wp\/v2\/media\/1723"}],"wp:attachment":[{"href":"https:\/\/www.centrocongressosalgarve.com\/de\/wp-json\/wp\/v2\/media?parent=2073"}],"curies":[{"name":"wp","href":"https:\/\/api.w.org\/{rel}","templated":true}]}}