{"id":2080,"date":"2018-12-10T15:29:03","date_gmt":"2018-12-10T15:29:03","guid":{"rendered":"https:\/\/www.centrocongressosalgarve.com\/exposicoes\/"},"modified":"2019-03-20T10:23:27","modified_gmt":"2019-03-20T10:23:27","slug":"exposicoes","status":"publish","type":"page","link":"https:\/\/www.centrocongressosalgarve.com\/de\/eventos-sociais\/exposicoes\/","title":{"rendered":"Ausstellungen"},"content":{"rendered":"\n<p>Die nat\u00fcrliche Architektur   des Kongresszentrums in der Algarve ist die perfekte Kulisse f\u00fcr jede   Ausstellung. Das nat\u00fcrliche Licht, die Deckenh\u00f6he und die weiten Bereiche   sind die ideale Voraussetzung f\u00fcr Ausstellungen oder k\u00fcnstlerische   Einrichtungen.   <\/p>\n","protected":false},"excerpt":{"rendered":"<p>Die nat\u00fcrliche Architektur des Kongresszentrums in der Algarve ist die perfekte Kulisse f\u00fcr jede Ausstellung. Das nat\u00fcrliche Licht, die Deckenh\u00f6he und die weiten Bereiche sind die ideale Voraussetzung f\u00fcr Ausstellungen oder k\u00fcnstlerische Einrichtungen.<\/p>\n","protected":false},"author":2,"featured_media":1730,"parent":2101,"menu_order":0,"comment_status":"closed","ping_status":"closed","template":"templates\/social-events-child.php","meta":{"_acf_changed":false,"om_disable_all_campaigns":false,"inline_featured_image":false,"footnotes":""},"class_list":["post-2080","page","type-page","status-publish","has-post-thumbnail","hentry","page-entry"],"acf":[],"aioseo_notices":[],"_links":{"self":[{"href":"https:\/\/www.centrocongressosalgarve.com\/de\/wp-json\/wp\/v2\/pages\/2080","targetHints":{"allow":["GET"]}}],"collection":[{"href":"https:\/\/www.centrocongressosalgarve.com\/de\/wp-json\/wp\/v2\/pages"}],"about":[{"href":"https:\/\/www.centrocongressosalgarve.com\/de\/wp-json\/wp\/v2\/types\/page"}],"author":[{"embeddable":true,"href":"https:\/\/www.centrocongressosalgarve.com\/de\/wp-json\/wp\/v2\/users\/2"}],"replies":[{"embeddable":true,"href":"https:\/\/www.centrocongressosalgarve.com\/de\/wp-json\/wp\/v2\/comments?post=2080"}],"version-history":[{"count":4,"href":"https:\/\/www.centrocongressosalgarve.com\/de\/wp-json\/wp\/v2\/pages\/2080\/revisions"}],"predecessor-version":[{"id":2486,"href":"https:\/\/www.centrocongressosalgarve.com\/de\/wp-json\/wp\/v2\/pages\/2080\/revisions\/2486"}],"up":[{"embeddable":true,"href":"https:\/\/www.centrocongressosalgarve.com\/de\/wp-json\/wp\/v2\/pages\/2101"}],"wp:featuredmedia":[{"embeddable":true,"href":"https:\/\/www.centrocongressosalgarve.com\/de\/wp-json\/wp\/v2\/media\/1730"}],"wp:attachment":[{"href":"https:\/\/www.centrocongressosalgarve.com\/de\/wp-json\/wp\/v2\/media?parent=2080"}],"curies":[{"name":"wp","href":"https:\/\/api.w.org\/{rel}","templated":true}]}}