{"id":2162,"date":"2018-10-15T15:19:24","date_gmt":"2018-10-15T15:19:24","guid":{"rendered":"https:\/\/www.centrocongressosalgarve.com\/politica-de-privacidade\/"},"modified":"2022-06-02T15:27:51","modified_gmt":"2022-06-02T15:27:51","slug":"politica-de-privacidade","status":"publish","type":"page","link":"https:\/\/www.centrocongressosalgarve.com\/de\/politica-de-privacidade\/","title":{"rendered":"Datenschutz-Bestimmungen"},"content":{"rendered":"\n<h2 class=\"wp-block-heading\">Ihre privatsph\u00e4re liegt uns am herzen<\/h2>\n\n\n\n<p>Minor International PCL und ihre Tochtergesellschaften Minor International PCL und weitere Tochtergesellschaften (&#8220;Minor-Gruppe&#8221;, &#8220;uns&#8221;, &#8220;wir&#8221; oder &#8220;das Unternehmen&#8221;) (die &#8220;Datenverantwortliche&#8221;) ist ein globales Unternehmen, das sich auf drei Hauptgesch\u00e4ftssparten konzentriert, darunter Restaurants, Hotels und Lifestyle-Markenvertrieb. Uns der Bedeutung Ihrer Privatsph\u00e4re bewusst, achten wir diese und erl\u00e4utern Ihnen daher im Folgetext die personenbezogenen Daten, die wir \u00fcber unsere Nutzer erheben;<\/p>\n\n\n\n<ul class=\"wp-block-list\"><li>Welche Informationen wir \u00fcber Sie erheben;<\/li><li>Wer die Daten sammelt;<\/li><li>Wie wir diese Informationen einsetzen werden;<\/li><li>Marketing;<\/li><li>Wie die Daten gespeichert werden und an wen sie weitergegeben werden d\u00fcrfen;<\/li><li>Ihre Rechte und wie Sie diese wahrnehmen k\u00f6nnen;<\/li><li>Cookies;<\/li><li>Andere Websites<\/li><\/ul>\n\n\n\n<p>Poderemos alterar periodicamente a presente Politica de Privacidade, de Wir behalten uns vor, diese Datenschutzrichtlinie von Zeit zu Zeit zu \u00e4ndern, um \u00c4nderungen in der Gesetzgebung und\/oder unseren Gesch\u00e4ftspraktiken Rechnung zu tragen. Wir empfehlen Ihnen daher, diese Richtlinie bei jedem Besuch unserer Website auf \u00c4nderungen zu \u00fcberpr\u00fcfen.<\/p>\n\n\n\n<div style=\"height:30px\" aria-hidden=\"true\" class=\"wp-block-spacer\"><\/div>\n\n\n\n<h3 class=\"wp-block-heading\">Welche informationen wir \u00fcber sie erheben<\/h3>\n\n\n\n<p>Zu den im folgenden Abschnitt &#8220;Warum werden die Daten erhoben&#8221; genannten Zwecken sammeln wir die folgenden Kategorien personenbezogener Daten, wenn Sie sich auf unserer Website registrieren, an unseren Umfragen teilnehmen, unsere Newsletter oder Benachrichtigungen abonnieren oder irgendwelche unserer Produkte oder Dienstleistungen nutzen:<\/p>\n\n\n\n<ul class=\"wp-block-list\"><li>Pers\u00f6nliche Angaben: Name, Geschlecht, Staatsangeh\u00f6rigkeit, Geburtsdatum und Namen Ihrer Familienangeh\u00f6rigen, deren Geburtsdatum, Staatsangeh\u00f6rigkeit usw.<\/li><li>Pr\u00e4ferenzinformationen: Informationen, die f\u00fcr den gebuchten Service relevant sind<\/li><li>Kontaktinformationen: Anschrift, Telefonnummer, E-Mail, Adresse usw.<\/li><li>Zahlungsinformationen: Kreditkartendaten, Rechnungsadresse und andere Zahlungs- und Rechnungsinformationen.<\/li><li>Treue- und Empfehlungsprogramm: Details und Teilnahme an Partnerprogrammen, Marketing- und Analysedaten.<\/li><li>Informationen zur Unterkunft: Ankunfts- und Abreisedatum, Lage des Zimmers, Raucher-\/Nichtraucherzimmer, Art des Zimmers und Bettenwunsch, bevorzugte Zeitung usw.<\/li><li>Feedback: Aufzeichnungen \u00fcber Ihren Kontakt mit uns, z. B. \u00fcber die Telefonnummer, oder wenn Sie sich online \u00fcber unsere Online- Services mit uns in Verbindung setzen, Angaben wie Standortdaten Ihres Mobiltelefons, IP-Adresse und MAC-Adresse, einschlie\u00dflich des Verlaufs jeglicher Kommunikation mit uns, sowie Analysen Ihrer Interaktion mit uns, welche uns dabei helfen, Angebote f\u00fcr Sie ma\u00dfzuschneidern und Informationen bereitzustellen, die unserer Meinung nach f\u00fcr Sie von Interesse oder Bedeutung sind.<\/li><li>Technische Informationen: IP-Adresse, geografische Daten, Browser und Computersystem, Anwendungsversion, Spracheinstellungen und Seiten, die Ihnen angezeigt wurden, usw.<\/li><li>Berufliche Informationen: Wenn Sie sich um eine Stelle bei der Minor- Gruppe bewerben, k\u00f6nnten wir zus\u00e4tzlich zu den oben genannten Informationen auch Ihren Abschluss, Ausbildung und Besch\u00e4ftigungsnachweise erfassen.<\/li><li>\u00dcberdies beschr\u00e4nken wir die in Bezug auf Kinder unter 18 Jahren erhobenen Informationen auf deren Namen, Staatsangeh\u00f6rigkeit und Geburtsdatum, welche uns nur von einem Erwachsenen mitgeteilt werden, der entweder der Elternteil bzw. Vormund des Kindes ist oder aber die Zustimmung der Eltern oder des Vormunds hat. Wir bitten die Eltern, daf\u00fcr zu sorgen, dass Kinder uns keine personenbezogenen Daten ohne deren Zustimmung \u00fcbermitteln, falls aber doch solche Informationen \u00fcbermittelt wurden, setzen Sie sich bitte mit uns in Verbindung, damit wir diese l\u00f6schen k\u00f6nnen.<\/li><li>Wir erheben zudem Informationen \u00fcber Ihre Nutzung der Website, indem wir Cookies einsetzen (siehe unten).<\/li><\/ul>\n\n\n\n<div style=\"height:30px\" aria-hidden=\"true\" class=\"wp-block-spacer\"><\/div>\n\n\n\n<h3 class=\"wp-block-heading\">Wer die daten erhebt<\/h3>\n\n\n\n<p>Je nachdem, wie Sie mit uns interagieren, k\u00f6nnen die Daten von verschiedenen Stellen innerhalb unserer globalen Gruppe erfasst werden. Bitte wenden Sie sich in erster Linie an die Region, die dem Ort der Interaktion, der Dienstleistung oder des Produkts am n\u00e4chsten ist, welches Sie in Anspruch nehmen. Wenn der regionale Verantwortliche des Datenschutzes Ihre Anfrage nicht beantworten kann, wird sie intern an den am besten geeigneten Leiter des Datenschutzes weitergeleitet. Bitte wenden Sie sich an den Group Head of Data Privacy als Eskalationsstufe oder f\u00fcr alle anderen Anfragen.<\/p>\n\n\n\n<p><strong>Alle Gesellschaften in Asien und Konzernleiter f\u00fcr Datenschutz<\/strong><br>Minor International PLC ist ein internationales Unternehmen, das im Gastgewerbe t\u00e4tig ist und seinen Hauptsitz in Berli Jucker House, 99 Soi Rubia, Sukhumvit 42 Rd, Bangkok 10110, Thailand hat. <\/p>\n\n\n\n<p>Der <em>Verantwortliche des Datenschutzes <\/em>in unserem Unternehmen ist Marcos Cadena, der \u00fcber die folgenden Kan\u00e4le erreichbar ist:<\/p>\n\n\n\n<ol class=\"wp-block-list\"><li>Email:&nbsp;<a href=\"mailto:privacy.corporate@minor.com\">privacy.corporate@minor.com<\/a><\/li><li>Postanschrift: Berli Jucker House, 99 Soi Rubia, Sukhumvit 42 Rd, Bangkok 10110, Thailand<\/li><\/ol>\n\n\n\n<p><strong>Minor Hotels in Portugal<\/strong><br>Die f\u00fcr den Datenschutz verantwortliche Person ist Filipa Jordao (<em>Leiterin des Datenschutzes<\/em>), welche auf wie folgt kontaktiert werden kann:<\/p>\n\n\n\n<ol class=\"wp-block-list\"><li>Email:&nbsp;<a href=\"mailto:dpo.mhpt@minorhotels.com\">dpo.mhpt@minorhotels.com<\/a><\/li><li>Postanschrift: Rua Barata Salgueiro 37, &#8211; 1\u00ba andar 1250-042 Lisboa, Portugal<\/li><\/ol>\n\n\n\n<p><strong>Oaks Hotels und jedes unserer Unternehmen in Australien<\/strong><br>Die f\u00fcr den Datenschutz verantwortliche Person ist Romesh Niles (Leiter des Datenschutzes), der auf folgende Weise kontaktiert werden kann:<\/p>\n\n\n\n<ol class=\"wp-block-list\"><li>Email:&nbsp;<a href=\"mailto:Privacy.corporate@minorhotels.com.au\">Privacy.corporate@minor.com<\/a><\/li><li>Postanschrift: Rua Barata Salgueiro 37, &#8211; 1\u00ba andar 1250-042 Lisboa, Portugal<\/li><\/ol>\n\n\n\n<div style=\"height:30px\" aria-hidden=\"true\" class=\"wp-block-spacer\"><\/div>\n\n\n\n<h3 class=\"wp-block-heading\">Wie wir diese informationen einsetzen werden<\/h3>\n\n\n\n<p>Wir nutzen diese Informationen f\u00fcr die folgenden Zwecke:<\/p>\n\n\n\n<ul class=\"wp-block-list\"><li>Erf\u00fcllung unserer Kundendienstverpflichtungen: Verwaltung von Reservierungen und Ihres Aufenthalts in unseren H\u00e4usern, Zahlung, Erf\u00fcllung Ihrer Sonderw\u00fcnsche, \u00dcberwachung der Inanspruchnahme von Dienstleistungen (Telefon, Bar, Pay-TV usw.) infolge einer vertraglichen Beziehung zwischen Ihnen und uns, z. B. eine Hotelbuchung oder eine Dienstleistungsanfrage.<\/li><li>Verbesserung unserer Dienstleistungen: Bewertung unserer Dienstleistungen in Hotels, Restaurants und anderen Verkaufsstellen, Verbesserung der Funktionsweise unseres Unternehmens im Rahmen der zwischen Ihnen und uns bestehenden Vertragsbeziehung.<\/li><li>Personalisierung unserer Dienstleistungen und Kommunikation: Personalisierung von Inhalten und passgenaue Abstimmung unserer digitalen Kundenerfahrung und -angebote, Verst\u00e4ndnis der Kundenanforderungen zur Entwicklung gezielter Marketingprogramme, Newsletter und Werbeaktionen. Zur Teilnahme an unseren Marketingkampagnen werden wir stets Ihre Zustimmung einholen und aufzeichnen. Der Einsatz Ihrer Daten f\u00fcr Marketingzwecke wird im Abschnitt Marketing weiter unten noch ausf\u00fchrlicher beschrieben. Die Personalisierung unserer Website auf der Grundlage Ihrer Pr\u00e4ferenzen wird im Abschnitt Cookies am Ende dieser Richtlinie behandelt.<\/li><li> Einstellung: Rekrutierung von Personal oder Praktikanten f\u00fcr die Minor-Gruppe. Indem Sie uns im Rahmen Ihrer Bewerbung um eine Stelle bei der Minor-Gruppe Informationen zukommen lassen, erteilen Sie uns automatisch die Erlaubnis, Ihre Daten im Rahmen des Einstellungsverfahrens zu verarbeiten.<\/li><li>Einhaltung rechtlicher Verpflichtungen: Einhaltung geltender Gesetze, z. B. lokaler Datenschutzgesetze, Vorbeugung von Betrug oder Geldw\u00e4sche, polizeiliche Ermittlungen sowie Tourismusbestimmungen<\/li><\/ul>\n\n\n\n<div style=\"height:30px\" aria-hidden=\"true\" class=\"wp-block-spacer\"><\/div>\n\n\n\n<h3 class=\"wp-block-heading\">Marketing<\/h3>\n\n\n\n<p>Wir m\u00f6chten Ihnen Informationen \u00fcber neue Produkte und Dienstleistungen von uns und Unternehmen unserer Gruppe zusenden, die f\u00fcr Sie von Interesse sein k\u00f6nnten. Wenn Sie dem Erhalt von Marketinginformationen zugestimmt haben, k\u00f6nnen Sie diese Erlaubnis zu jedwedem sp\u00e4teren Zeitpunkt noch widerrufen. \u2028<\/p>\n\n\n\n<p>Sie haben jederzeit das Recht, uns daran zu hindern, Sie zu Marketingzwecken zu kontaktieren.<\/p>\n\n\n\n<p>Jede E-Mail enth\u00e4lt einen Link, \u00fcber den Sie sich leicht von unserem Services abmelden k\u00f6nnen. Wenn Sie nicht mehr zu Marketingzwecken kontaktiert werden m\u00f6chten, k\u00f6nnen Sie sich jederzeit abmelden.<\/p>\n\n\n\n<div style=\"height:30px\" aria-hidden=\"true\" class=\"wp-block-spacer\"><\/div>\n\n\n\n<h3 class=\"wp-block-heading\"><strong>Wie die daten gespeichert werden und an wen sie weitergegeben werden d\u00fcrfen<\/strong><\/h3>\n\n\n\n<p>Die Daten werden auf Papier und in IT-Systemen gespeichert. In unserer Richtlinie zur Datenaufbewahrung ist festgelegt, wo genau diese Daten f\u00fcr die oben genannten Zwecke gespeichert werden.<\/p>\n\n\n\n<p>Die Daten k\u00f6nnen auf gemeinsamen IT-Systemen mit einer unserer Konzerngesellschaften gespeichert werden, welche dann zu den oben genannten Zwecken auf die Daten zugreifen k\u00f6nnen.<\/p>\n\n\n\n<p>Als globales Gastgewerbeunternehmen k\u00f6nnen wir Ihre personenbezogenen Daten \u00fcber mehrere Gerichtsbarkeiten hinweg \u00fcbermitteln, soweit dies f\u00fcr die Zwecke und in \u00dcbereinstimmung mit dieser Datenschutzrichtlinie erforderlich ist; Ihre personenbezogenen Daten k\u00f6nnen an die folgenden Orte \u00fcbermittelt werden:<\/p>\n\n\n\n<ul class=\"wp-block-list\"><li>L\u00e4nder, in denen sich unsere Konzernb\u00fcros befinden;<\/li><li>L\u00e4nder, in denen wir Hotels, Apartments und\/oder Verkaufsb\u00fcros unterhalten und betreiben; und<\/li><li>L\u00e4nder, in denen unsere Drittdienstleister, Berater und Consultants ans\u00e4ssig sind, was sich zeitweilig \u00e4ndert.<\/li><\/ul>\n\n\n\n<p>Werden personenbezogene Daten in ein Land mit einem niedrigeren Datenschutzniveau als in dem Land, in dem die Daten erhoben wurden, \u00fcbertragen, so wird die Minor-Gruppe Daten nur dann ins Ausland \u00fcbertragen, wenn die entsprechenden Sicherheitsvorkehrungen getroffen wurden und den betroffenen Personen durchsetzbare Rechte und wirksame Rechtsmittel zur Verf\u00fcgung stehen.<\/p>\n\n\n\n<p>Wir werden Ihre Daten nur dann an andere Unternehmen innerhalb unserer Gruppe oder an Drittunternehmen weitergeben, wenn:<\/p>\n\n\n\n<ul class=\"wp-block-list\"><li>Sie sich damit einverstanden erkl\u00e4ren, dass wir diese Informationen an Drittunternehmen weitergeben, um von diesen Marketingmaterial zu erhalten.<\/li><li>Eine solche Weitergabe Ihrer Daten an andere Unternehmen innerhalb unserer Gruppe oder an Drittunternehmen (z. B. unsere Lieferanten) erforderlich ist, um die von Ihnen angeforderten Dienstleistungen zu erbringen.<\/li><\/ul>\n\n\n\n<p>Unbeschadet der Mitteilungen, die zur Erf\u00fcllung gesetzlicher oder vertraglicher Verpflichtungen gemacht werden, k\u00f6nnen Daten auch an externe Parteien weitergegeben werden, wenn dies aufgrund von Gesetzen oder Vorschriften zwingend erforderlich ist (z. B. an Gerichte, Gerichtsh\u00f6fe, Regulierungsbeh\u00f6rden oder staatliche Stellen).<\/p>\n\n\n\n<p>Wenn wir Ihre Daten an andere Unternehmen innerhalb unserer Gruppe oder an beauftragte Drittunternehmen weitergeben, ergreifen wir s\u00e4mtliche sachgem\u00e4\u00dfen Ma\u00dfnahmen, um sicherzustellen, dass Ihre Daten und Ihre Privatsph\u00e4re im Einklang mit den geltenden rechtlichen Verpflichtungen gesch\u00fctzt werden.<\/p>\n\n\n\n<p>Die Aufbewahrungsfrist Ihrer Daten, welche in unserer Richtlinie zur Datenaufbewahrung dokumentiert ist, wird auf der Grundlage der folgenden Kriterien festgelegt:<\/p>\n\n\n\n<ul class=\"wp-block-list\"><li>Angemessene gesch\u00e4ftliche Erfordernisse: solange wir Ihnen Waren und Dienstleistungen zur Verf\u00fcgung stellen oder unsere Beziehung zu Ihnen verwalten, unseren Operationen managen; und\/oder<\/li><li>Angemessene gesetzliche Fristen: solange jemand einen Anspruch gegen uns geltend machen k\u00f6nnte oder wir unseren steuerlichen und rechtlichen Verpflichtungen nachkommen m\u00fcssen; und\/oder<\/li><li>Sonstige Aufbewahrungsfristen in \u00dcbereinstimmung mit gesetzlichen und beh\u00f6rdlichen Vorgaben und Anforderungen.<\/li><\/ul>\n\n\n\n<p>Die Minor-Gruppe h\u00e4lt sich an die in der jeweiligen Rechtsordnung gesetzlich vorgeschriebenen Fristen f\u00fcr die Aufbewahrung Ihrer personenbezogenen Daten.<\/p>\n\n\n\n<div style=\"height:30px\" aria-hidden=\"true\" class=\"wp-block-spacer\"><\/div>\n\n\n\n<h3 class=\"wp-block-heading\"><strong>Datenschutzverletzung<\/strong><\/h3>\n\n\n\n<p>Sollte die Vertraulichkeit, Unversehrtheit oder Verf\u00fcgbarkeit von personenbezogenen Daten beeintr\u00e4chtigt worden sein, wird die Minor- Gruppe die Anforderungen der geltenden Gesetze in der\/den betroffenen Region(en) erf\u00fcllen, einschlie\u00dflich der DSGVO und lokaler Gesetzgebung.<\/p>\n\n\n\n<p>Unsere Ma\u00dfnahmen werden dem Grad des Schadens, der mit der Offenlegung verbunden ist, den Erfordernissen der Gesetzgebung und den Anforderungen der zust\u00e4ndigen Aufsichtsbeh\u00f6rden angemessen sein. Dazu k\u00f6nnte geh\u00f6ren, Sie und die zust\u00e4ndige Datenschutzaufsichtsbeh\u00f6rde zu benachrichtigen, um Ihnen und diesen Informationen zukommen zu lassen:<\/p>\n\n\n\n<ul class=\"wp-block-list\"><li>Beschreibung des Vorfalls;<\/li><li>Welche Art von Informationen betroffen sind; und<\/li><li>Die n\u00e4chsten Schritte, die Sie als Reaktion auf die Datenschutzverletzung unternehmen sollten.<\/li><\/ul>\n\n\n\n<p>Bei der Feststellung, ob die Datenschutzverletzung wahrscheinlich zu einem hohen Risiko f\u00fcr die Rechte und Freiheiten der betroffenen Person f\u00fchrt, werden wir Faktoren wie die Sensibilit\u00e4t der Informationen, die Art der Personen, die die Informationen erhalten k\u00f6nnten, und die Natur des Schadens ber\u00fccksichtigen.<\/p>\n\n\n\n<p>In allen F\u00e4llen, in denen wir Kenntnis von einer Datenschutzverletzung erhalten, jedoch die Umst\u00e4nde nicht genau kennen, f\u00fchren wir eine rasche einschl\u00e4gige Bewertung durch, um den Umfang der erforderlichen Benachrichtigung der zust\u00e4ndigen Aufsichtsbeh\u00f6rden binnen der von den geltenden Vorschriften vorgegebenen Frist zu bestimmen, und stellen sicher, dass jeder Vorfall so schnell wie m\u00f6glich und innerhalb eines vern\u00fcnftigen Zeitraums je nach den gegebenen Umst\u00e4nden einged\u00e4mmt wird.<\/p>\n\n\n\n<div style=\"height:30px\" aria-hidden=\"true\" class=\"wp-block-spacer\"><\/div>\n\n\n\n<h3 class=\"wp-block-heading\"><strong>Ihre rechte und wie sie diese wahrnehmen k\u00f6nnen<\/strong><\/h3>\n\n\n\n<p>Sie haben das Recht, zu bestimmen, wie wir Ihre Daten einsetzen, sowie gegen die Zwecke der Verarbeitung jederzeit Einspruch einzulegen. Sie haben das Recht, Ihre Einwilligung allzeit zu widerrufen, ohne dass davon die rechtm\u00e4\u00dfige Verarbeitung von Daten, die auf der Einwilligung beruhen, bis zum Zeitpunkt des Widerrufs ber\u00fchrt wird.<\/p>\n\n\n\n<p>Wir erinnern daran, dass Sie das Recht haben, von uns Zugang zu Ihren pers\u00f6nlichen Daten und deren Berichtigung oder L\u00f6schung oder eine Einschr\u00e4nkung der Verarbeitung zu verlangen bzw. der Verarbeitung der Sie betreffenden Daten gem\u00e4\u00df den Einschr\u00e4nkungen der \u00f6rtlichen Rechtsordnung zu widersprechen.<\/p>\n\n\n\n<p>Dar\u00fcber hinaus haben Sie das Recht, Ihre personenbezogenen Daten, die Sie uns zur Verf\u00fcgung gestellt haben, in einem strukturierten, marktg\u00e4ngigen und maschinenlesbaren Format zu erhalten, sowie diese Daten ohne Behinderung durch uns an einen anderen f\u00fcr die Datenverantwortlichen zu \u00fcbermitteln. Bei der Aus\u00fcbung Ihres Rechts auf Daten\u00fcbertragbarkeit haben Sie das Recht, Ihre personenbezogenen Daten direkt von einem f\u00fcr die Datenverarbeitung Verantwortlichen an einen anderen zu \u00fcbermitteln, sofern dies technisch durchf\u00fchrbar ist.<\/p>\n\n\n\n<p>Unter bestimmten Umst\u00e4nden, die das geltende Recht zul\u00e4sst, haben Sie auch das Recht, eine Beschwerde bei einer zust\u00e4ndigen Datenschutzaufsichtsbeh\u00f6rde einzureichen.<\/p>\n\n\n\n<p>Sie k\u00f6nnen uns unter <a href=\"mailto:privacy.corporate@minor.com\">privacy.corporate@minor.com<\/a> kontaktieren, um Ihre Rechte auszu\u00fcben. Bitte beachten Sie, dass wir einen Nachweis Ihrer Identit\u00e4t verlangen k\u00f6nnen, bevor wir jedwede \u00c4nderung vornehmen.<\/p>\n\n\n\n<div style=\"height:30px\" aria-hidden=\"true\" class=\"wp-block-spacer\"><\/div>\n\n\n\n<h3 class=\"wp-block-heading\">Cookies<\/h3>\n\n\n\n<p>Wir setzen Cookies (kleine Textdateien, die in Ihrem Browser gespeichert werden) und andere Techniken wie Web-Beacons (kleine, eindeutige Bilddateien, die dazu dienen, Ihre Bewegungen auf unserer Website zu verfolgen) ein. Diese erheben Informationen dar\u00fcber, wie genau Sie unsere Website und webbezogene Dienste nutzen. Wir nutzen diese, um statistische Auswertungen \u00fcber die Aktivit\u00e4ten auf der Website zu erstellen.<\/p>\n\n\n\n<p>Dies hilft uns, unsere Website auf Ihre Interessen und Bed\u00fcrfnisse passgenau abzustimmen. Wir k\u00f6nnen ein permanentes Cookie (ein Cookie, das mit Ihrem Browser verkn\u00fcpft bleibt) setzen, um Ihre Daten zu speichern, sodass wir Sie wiedererkennen, wenn Sie unsere Website erneut besuchen.<\/p>\n\n\n\n<p>Sie k\u00f6nnen Cookies ablehnen oder Ihren Browser dergestalt konfigurieren, dass Sie jedes Mal benachrichtigt werden, wenn eine Website versucht, ein Cookie zu setzen. Weitere Informationen \u00fcber Cookies finden Sie unter <a href=\"http:\/\/www.aboutcookies.org\">www.aboutcookies.org<\/a> oder <a href=\"http:\/\/www.allaboutcookies.org\" title=\"www.allaboutcookies.org\">www.allaboutcookies.org<\/a>, wo Sie auch Auskunft dar\u00fcber finden, wie Sie diese ausschalten k\u00f6nnen.<\/p>\n\n\n\n<p>Die Art von Cookies, die wir auf dieser Website einsetzen, sind:Unbedingt Erforderliche Cookies: Diese Cookies sind unerl\u00e4sslich, da sie es Ihnen erm\u00f6glichen, sich im Service zu bewegen und seine Funktionen zu nutzen, wie z. B. den Zugriff auf Log-in- oder sichere Bereiche.<\/p>\n\n\n\n<p>Werbe-Cookies: Diese Cookies werden eingesetzt, um Werbebotschaften f\u00fcr Sie relevanter zu machen. Sie erf\u00fcllen Funktionen wie das Verhindern, dass dieselbe Werbung immer wieder erscheint, das Sicherstellen, dass die Werbung korrekt angezeigt wird, und bisweilen die Auswahl von Werbung, welche auf Ihren Interessen basiert.<\/p>\n\n\n\n<p>Analytische Cookies: Diese Cookies erheben Informationen, die entweder in zusammengefasster Form verwendet werden, um uns zu helfen, nachzuvollziehen, wie die Websites der Minor-Gruppe genutzt werden oder wie wirksam unsere Marketingkampagnen sind, oder aber um uns zu helfen, unsere Websites auf Sie abzustimmen. Diese Informationen werden auch eingesetzt, um Ihre Nutzung der Minor Group-Website auszuwerten, um Berichte \u00fcber die Minor Group-Websiteaktivit\u00e4ten f\u00fcr die Minor Group- Websitebetreiber zusammenzustellen und um weitere mit der Minor Group- Websiteaktivit\u00e4t und der Internetnutzung verbundene Dienstleistungen zu erbringen.<\/p>\n\n\n\n<p>Wenn Sie Cookies blockieren m\u00f6chten, besuchen Sie bitte:<\/p>\n\n\n\n<ul class=\"wp-block-list\"><li>Google AdWords &#8211;&nbsp;<a href=\"http:\/\/www.google.com\/settings\/ads\">http:\/\/www.google.com\/settings\/ads<\/a><\/li><li>Facebook Pixel &#8211; Sie k\u00f6nnen all diese Cookies bzw. \u00e4hnliche Technologien \u00fcber Ihre Browsereinstellungen deaktivieren.<\/li><li>Twitter-Werbung &#8211; Sie k\u00f6nnen \u00fcber Ihre Twitter-Einstellungen ma\u00dfgeschneiderte Werbung deaktivieren, indem Sie die Abschnitte &#8220;Beworbener Inhalt&#8221; und &#8220;Personalisierung&#8221; aufsuchen.<\/li><\/ul>\n\n\n\n<p>Google Analytics &#8211; Sie k\u00f6nnen diese Cookies \u00fcber Ihre Browsereinstellungen oder durch Herunterladen eines Browser-Add- Ins deaktivieren: <a href=\"https:\/\/tools.google.com\/dlpage\/gaoptout?hl=de\">https:\/\/tools.google.com\/dlpage\/gaoptout?hl=de<\/a><\/p>\n\n\n\n<p>Poder\u00e1 desativar quaisquer destes&nbsp;<em>cookies<\/em>&nbsp;nas defini\u00e7\u00f5es do sIn Ihren Browsereinstellungen k\u00f6nnen Sie jedwedes dieser Cookies deaktivieren.<\/p>\n\n\n\n<div style=\"height:30px\" aria-hidden=\"true\" class=\"wp-block-spacer\"><\/div>\n\n\n\n<h3 class=\"wp-block-heading\">Sonstige websiten<\/h3>\n\n\n\n<p>Diese Datenschutzrichtlinie gilt nur f\u00fcr die vorliegende Website, welche Links zu anderen Websites aufweist. Wenn Sie \u00fcber solche Links auf andere Websites zugreifen, sollten Sie die f\u00fcr diese Websites geltenden Datenschutzbestimmungen beachten.<\/p>\n","protected":false},"excerpt":{"rendered":"<p>Ihre privatsph\u00e4re liegt uns am herzen Minor International PCL und ihre Tochtergesellschaften Minor International PCL und weitere Tochtergesellschaften (&#8220;Minor-Gruppe&#8221;, &#8220;uns&#8221;, &#8220;wir&#8221; oder &#8220;das Unternehmen&#8221;) (die &#8220;Datenverantwortliche&#8221;) ist ein globales Unternehmen, das sich auf drei Hauptgesch\u00e4ftssparten konzentriert, darunter Restaurants, Hotels und Lifestyle-Markenvertrieb. Uns der Bedeutung Ihrer Privatsph\u00e4re bewusst, achten wir diese und erl\u00e4utern Ihnen daher im [&hellip;]<\/p>\n","protected":false},"author":1,"featured_media":69,"parent":0,"menu_order":0,"comment_status":"closed","ping_status":"closed","template":"","meta":{"_acf_changed":false,"om_disable_all_campaigns":false,"inline_featured_image":false,"footnotes":""},"class_list":["post-2162","page","type-page","status-publish","has-post-thumbnail","hentry","page-entry"],"acf":[],"aioseo_notices":[],"_links":{"self":[{"href":"https:\/\/www.centrocongressosalgarve.com\/de\/wp-json\/wp\/v2\/pages\/2162","targetHints":{"allow":["GET"]}}],"collection":[{"href":"https:\/\/www.centrocongressosalgarve.com\/de\/wp-json\/wp\/v2\/pages"}],"about":[{"href":"https:\/\/www.centrocongressosalgarve.com\/de\/wp-json\/wp\/v2\/types\/page"}],"author":[{"embeddable":true,"href":"https:\/\/www.centrocongressosalgarve.com\/de\/wp-json\/wp\/v2\/users\/1"}],"replies":[{"embeddable":true,"href":"https:\/\/www.centrocongressosalgarve.com\/de\/wp-json\/wp\/v2\/comments?post=2162"}],"version-history":[{"count":5,"href":"https:\/\/www.centrocongressosalgarve.com\/de\/wp-json\/wp\/v2\/pages\/2162\/revisions"}],"predecessor-version":[{"id":3295,"href":"https:\/\/www.centrocongressosalgarve.com\/de\/wp-json\/wp\/v2\/pages\/2162\/revisions\/3295"}],"wp:featuredmedia":[{"embeddable":true,"href":"https:\/\/www.centrocongressosalgarve.com\/de\/wp-json\/wp\/v2\/media\/69"}],"wp:attachment":[{"href":"https:\/\/www.centrocongressosalgarve.com\/de\/wp-json\/wp\/v2\/media?parent=2162"}],"curies":[{"name":"wp","href":"https:\/\/api.w.org\/{rel}","templated":true}]}}