{"id":2163,"date":"2018-10-15T15:19:24","date_gmt":"2018-10-15T15:19:24","guid":{"rendered":"https:\/\/www.centrocongressosalgarve.com\/politica-de-privacidade\/"},"modified":"2022-06-02T15:29:30","modified_gmt":"2022-06-02T15:29:30","slug":"politica-de-privacidade","status":"publish","type":"page","link":"https:\/\/www.centrocongressosalgarve.com\/es\/politica-de-privacidade\/","title":{"rendered":"Pol\u00edtica de Privacidad"},"content":{"rendered":"\n<h2 class=\"wp-block-heading\">Su Privacidad nos Importa<\/h2>\n\n\n\n<p>Minor International PCL, as\u00ed como sus filiales Minor International PCL y sus filiales (en adelante, \u00abMinor Group\u00bb, \u00abnosotros\u00bb o \u00abla empresa\u00bb) (el responsable del tratamiento), es una empresa global que desarrolla su actividad principalmente en tres \u00e1mbitos de negocio: restauraci\u00f3n, hoteles y distribuci\u00f3n de marcas de lifestyle. Entendemos y respetamos la importancia de su privacidad. Por ello, a continuaci\u00f3n detallamos los datos personales que recogemos de nuestros usuarios:<\/p>\n\n\n\n<ul class=\"wp-block-list\"><li>Qu\u00e9 datos recogemos;<\/li><li>Qui\u00e9n recoge los datos;<\/li><li>C\u00f3mo utilizamos esos datos;<\/li><li>Marketing;<\/li><li>C\u00f3mo almacenamos sus datos y con qui\u00e9n podr\u00edamos compartirlos;<\/li><li>Sus derechos y c\u00f3mo puede ejercerlos;<\/li><li>Cookies;<\/li><li>Otros sitios web.<\/li><\/ul>\n\n\n\n<p>Podemos modificar la presente Pol\u00edtica de Privacidad peri\u00f3dicamente a fin de reflejar cambios en la legislaci\u00f3n o en nuestras pr\u00e1cticas comerciales. Le recomendamos que consulte la presente Pol\u00edtica de Privacidad cuando visite nuestro sitio web para comprobar si ha sido modificada.<\/p>\n\n\n\n<div style=\"height:30px\" aria-hidden=\"true\" class=\"wp-block-spacer\"><\/div>\n\n\n\n<h3 class=\"wp-block-heading\">Qu\u00e9 datos recogemos<\/h3>\n\n\n\n<p>En cumplimiento de las finalidades recogidas en el apartado \u00abPor qu\u00e9 recogemos sus datos\u00bb, le informamos de que recogemos las siguientes categor\u00edas de datos personales cuando se registra en nuestro sitio web, participa en nuestras encuestas o se suscribe a nuestras newsletters, alertas o utiliza alguno de nuestros productos o servicios:<\/p>\n\n\n\n<ul class=\"wp-block-list\"><li>Informaci\u00f3n personal: nombre, g\u00e9nero, nacionalidad, fecha de nacimiento y nombres, fecha de nacimiento, nacionalidad, etc. de los miembros de su familia.<\/li><li>Informaci\u00f3n preferencial: informaci\u00f3n relevante para el servicio que est\u00e9 reservando.<\/li><li>Informaci\u00f3n de contacto: direcci\u00f3n, n\u00famero de tel\u00e9fono, correo electr\u00f3nico, direcci\u00f3n, etc.<\/li><li>Informaci\u00f3n sobre pago: detalles de la tarjeta de cr\u00e9dito, direcci\u00f3n de facturaci\u00f3n, as\u00ed como otra informaci\u00f3n sobre pagos y facturaci\u00f3n.<\/li><li>Programas de fidelidad y referidos: detalles y afiliaci\u00f3n del programa del socio, datos de marketing y anal\u00edticos.<\/li><li>Informaci\u00f3n sobre el alojamiento: fechas de llegada y salida de nuestros hoteles, la ubicaci\u00f3n de la habitaci\u00f3n, habitaci\u00f3n de fumadores\/no fumadores, tipo de habitaci\u00f3n y peticiones de cama, peri\u00f3dico preferido, etc.<\/li><li>Interacciones: registros de sus contactos con nosotros, por ejemplo, por tel\u00e9fono o si se ha puesto en contacto con nosotros online utilizando nuestros servicios online, detalles como los datos de ubicaci\u00f3n de su tel\u00e9fono m\u00f3vil, direcci\u00f3n IP y direcci\u00f3n MAC, incluido el historial de cualquier comunicaci\u00f3n que haya mantenido con nosotros y el an\u00e1lisis de sus interacciones. Todo ello, nos ayudar\u00e1 a personalizar las ofertas que le enviemos y a ofrecerle informaci\u00f3n que podamos considerar de su inter\u00e9s.<\/li><li>Informaci\u00f3n t\u00e9cnica: direcci\u00f3n IP, datos de ubicaci\u00f3n, explorador y sistema inform\u00e1tico, versi\u00f3n de la aplicaci\u00f3n, configuraci\u00f3n de idioma y p\u00e1ginas que se le han mostrado, etc.<\/li><li>Informaci\u00f3n profesional: si ha presentado una solicitud para un puesto de trabajo en Minor Group, adem\u00e1s de la informaci\u00f3n detallada anteriormente, recogeremos informaci\u00f3n sobre su educaci\u00f3n, formaci\u00f3n y experiencia laboral.<\/li><li>Asimismo, la informaci\u00f3n que recogemos sobre menores de 18 a\u00f1os se limita a su nombre, nacionalidad y fecha de nacimiento, la cual \u00fanicamente nos puede ser facilitada por un adulto que sea el progenitor o tutor del menor, o que cuente con el consentimiento del progenitor o tutor. A los progenitores y tutores, les sugerimos que se aseguren de que los menores a su cargo no nos env\u00eden ni faciliten datos personales sin su consentimiento. En caso de que hayan enviado esa informaci\u00f3n, les regamos que se pongan en contacto con nosotros para que podamos eliminarla de nuestros registros.<\/li><li>Tambi\u00e9n recogemos informaci\u00f3n sobre el uso del sitio web mediante la instalaci\u00f3n de cookies (v\u00e9ase m\u00e1s adelante).<\/li><\/ul>\n\n\n\n<div style=\"height:30px\" aria-hidden=\"true\" class=\"wp-block-spacer\"><\/div>\n\n\n\n<h3 class=\"wp-block-heading\">Qui\u00e9n recoge los datos<\/h3>\n\n\n\n<p>Os dados poder\u00e3o ser recolhidos por diversas entidades dentro do nosso Los datos los pueden recoger diferentes entidades que pertenecen a nuestro grupo global dependiendo de su interacci\u00f3n con nosotros. P\u00f3ngase en contacto con la regi\u00f3n m\u00e1s cercana a la ubicaci\u00f3n de la interacci\u00f3n, servicio o producto consumidos en primera instancia. Si el responsable regional de la privacidad de datos no puede satisfacer su solicitud, esta ser\u00e1 reenviada internamente al responsable de protecci\u00f3n de datos adecuado. P\u00f3ngase en contacto con el responsable de privacidad de datos del grupo como punto de escalaci\u00f3n o para cualquier otra consulta.<\/p>\n\n\n\n<p><strong>Responsable de privacidad de datos del grupo y de todas las entidades en Asia <\/strong>Minor International PLC es una empresa internacional que desarrolla su actividad en el sector de la hoteler\u00eda, con sede en Berli Jucker House, 99 Soi Rubia, Sukhumvit 42 Rd, Bangkok 10110 (Tailandia).<\/p>\n\n\n\n<p>El <em>responsable de privacidad de datos<\/em> de nuestra empresa es Marcos Cadena, con quien puede ponerse en contacto a trav\u00e9s de las siguientes v\u00edas:<\/p>\n\n\n\n<ol class=\"wp-block-list\"><li>Correo electr\u00f3nico:&nbsp;<a href=\"mailto:privacy.corporate@minor.com\">privacy.corporate@minor.com<\/a><\/li><li>Direcci\u00f3n postal: Berli Jucker House, 99 Soi Rubia, Sukhumvit 42 Rd, Bangkok 10110 (Tailandia)<\/li><\/ol>\n\n\n\n<p><strong>Minor Hotels en Portugal<\/strong><br>La responsable de privacidad de datos es Filipa Jordao (<em>Responsable de Privacidad de Datos<\/em>), con quien puede ponerse en contacto a trav\u00e9s de las siguientes v\u00edas:<\/p>\n\n\n\n<ol class=\"wp-block-list\"><li>Correo electr\u00f3nico: <a href=\"mailto:dpo.mhpt@minorhotels.com\">dpo.mhpt@minorhotels.com<\/a><\/li><li>Direcci\u00f3n postal: Rua Barata Salgueiro 37, \u2013 1.o andar 1250-042 Lisboa (Portugal)<\/li><\/ol>\n\n\n\n<p><strong>Oaks Hotels y cualquiera de nuestras entidades en Australia<\/strong><br> La responsable de privacidad de datos es Romesh Niles (Responsable de Privacidad de Datos), con quien puede ponerse en contacto a trav\u00e9s de las siguientes v\u00edas:<\/p>\n\n\n\n<ol class=\"wp-block-list\"><li>Correo electr\u00f3nico <a href=\"mailto:Privacy.corporate@minorhotels.com.au\">Privacy.corporate@minorhotels.com.au<\/a><\/li><li>Direcci\u00f3n postal: POBox473, CottonTree, QLD4558<\/li><\/ol>\n\n\n\n<div style=\"height:30px\" aria-hidden=\"true\" class=\"wp-block-spacer\"><\/div>\n\n\n\n<h3 class=\"wp-block-heading\">C\u00f3mo utilizamos esos datos<\/h3>\n\n\n\n<p>Utilizamos esos datos con las siguientes finalidades:<\/p>\n\n\n\n<ul class=\"wp-block-list\"><li>Cumplir nuestras obligaciones de servicio de atenci\u00f3n al cliente: gesti\u00f3n de reservas y estancias en nuestros establecimientos, pagos, tener en cuenta sus peticiones, monitorizar el uso de servicios (tel\u00e9fono, bar, TV de pago, etc.) como respuesta a la relaci\u00f3n contractual establecida entre usted y nosotros, como, por ejemplo, a trav\u00e9s de una reserva de hotel o la solicitud de un servicio.<\/li><li>Mejora de nuestros servicios: an\u00e1lisis de nuestros servicios en hoteles, restaurantes y otros puntos de distribuci\u00f3n, mejora del funcionamiento de nuestra actividad como parte de la relaci\u00f3n contractual establecida entre usted y nosotros.<\/li><li>Personalizaci\u00f3n de nuestros servicios y comunicaci\u00f3n: personalizaci\u00f3n de contenido y adaptaci\u00f3n de nuestra experiencia digital del usuario y ofertas, comprensi\u00f3n de los requisitos del cliente para desarrollar programas de marketing, newsletters y promociones dirigidas. Siempre solicitamos y registramos su consentimiento para incluirle y participar en nuestras campa\u00f1as de marketing. El uso de su informaci\u00f3n con finalidades de marketing se detalla en profundidad m\u00e1s adelante, en el apartado \u00abMarketing\u00bb. La personalizaci\u00f3n de nuestro sitio web a partir de sus preferencias se trata en el apartado \u00abCookies\u00bb, al final de la presente Pol\u00edtica de Privacidad.<\/li><li>Contrataci\u00f3n: contrataci\u00f3n de personal o becarios para Minor Group. Cuando nos env\u00eda informaci\u00f3n personal en el marco de un proceso de selecci\u00f3n para un puesto en Minor Group, nos autoriza a procesar sus datos como parte del proceso de selecci\u00f3n.<\/li><li>Cumplimiento de obligaciones legales: cumplimiento de la legislaci\u00f3n aplicable, como legislaci\u00f3n local sobre privacidad, prevenci\u00f3n del fraude y blanqueamiento de dinero, investigaciones policiales y reglamentos en materia de turismo.<\/li><\/ul>\n\n\n\n<div style=\"height:30px\" aria-hidden=\"true\" class=\"wp-block-spacer\"><\/div>\n\n\n\n<h3 class=\"wp-block-heading\">Marketing<\/h3>\n\n\n\n<p>Nos gustar\u00eda enviarle informaci\u00f3n que pueda ser de su inter\u00e9s sobre nuestros nuevos productos o servicios, as\u00ed como sobre empresas de nuestro grupo. Si ha dado su consentimiento para recibir material de marketing, puede retirarlo en cualquier momento.<br><br>Est\u00e1 en su derecho de retirarnos su consentimiento en cualquier momento para que sigamos contact\u00e1ndole con fines de marketing.<\/p>\n\n\n\n<p>Todas as mensagens de email cont\u00eam um link que lhe permite facilmente optar pela exclus\u00e3o dos nossos servi\u00e7os e caso n\u00e3o deseje voltar a ser contatado para finalidades de marketing, poder\u00e1 optar igualmente pela exclus\u00e3o a qualquer momento.<\/p>\n\n\n\n<p>Cada correo electr\u00f3nico contiene un enlace desde el cual puede cancelar su suscripci\u00f3n a nuestros servicios, y si no quiere que sigamos contact\u00e1ndole con fines de marketing, puede retirar su consentimiento en cualquier momento<\/p>\n\n\n\n<div style=\"height:30px\" aria-hidden=\"true\" class=\"wp-block-spacer\"><\/div>\n\n\n\n<h3 class=\"wp-block-heading\">C\u00f3mo almacenamos sus datos y con qui\u00e9n podr\u00edamos compartirlos<\/h3>\n\n\n\n<p>Los datos se graban en soportes f\u00edsicos (papel) y sistemas inform\u00e1ticos. Nuestra pol\u00edtica de retenci\u00f3n de datos establece d\u00f3nde se almacenan estos datos para el cumplimiento de las finalidades mencionadas anteriormente.<\/p>\n\n\n\n<p>Los datos se pueden almacenar en sistemas inform\u00e1ticos compartidos con una empresa de nuestro grupo, la cual podr\u00e1 acceder a los datos para el cumplimiento de las finalidades mencionadas anteriormente.<\/p>\n\n\n\n<p>Puesto que somos una empresa hotelera de alcance global, podemos transferir sus datos a varias jurisdicciones, siempre y cuando as\u00ed lo exija el cumplimiento de las finalidades, y de conformidad con lo dispuesto en la presente Pol\u00edtica de Privacidad, sus datos personales se pueden transferir a:<\/p>\n\n\n\n<ul class=\"wp-block-list\"><li>Pa\u00edses en los que tengamos oficinas;<\/li><li>Pa\u00edses en los que gestionemos y operemos hoteles, residencias u oficinas de ventas; <\/li><li>Pa\u00edses en los que nuestros proveedores de servicios, asesores y consultores terceros est\u00e9n ubicados, lo que puede cambiar peri\u00f3dicamente.<\/li><\/ul>\n\n\n\n<p>Cuando los datos personales se transfieran a un pa\u00eds con un nivel de protecci\u00f3n de datos inferior al del pa\u00eds en el que se recogi\u00f3 la informaci\u00f3n, Minor Group \u00fanicamente transferir\u00e1 los datos si est\u00e1n vigentes las medidas preventivas adecuadas, y si los interesados tienen a su disposici\u00f3n derechos v\u00e1lidos y v\u00edas legales efectivas.<\/p>\n\n\n\n<p>\u00danicamente compartiremos su informaci\u00f3n con otras entidades del grupo o con terceros si:<\/p>\n\n\n\n<ul class=\"wp-block-list\"><li>Nos presta su consentimiento para que compartamos esa informaci\u00f3n con terceros para estos le env\u00eden sus propios materiales de marketing.<\/li><li>Compartir su informaci\u00f3n con otras entidades del grupo o con terceros (p. ej., proveedores) es necesario para prestar los servicios que nos ha solicitado.<\/li><\/ul>\n\n\n\n<p>Sin perjuicio de cualquier comunicaci\u00f3n emitida para cumplir con las obligaciones legales y contractuales, los datos tambi\u00e9n ser\u00e1n revelados a terceros si as\u00ed lo exige la ley y las normativas (p. ej., juzgados, tribunales, autoridades estatutarias o entidades gubernamentales).<\/p>\n\n\n\n<p>Cuando compartimos su informaci\u00f3n con otras entidades de nuestro grupo o con terceros, tomamos todas las medidas necesarias para garantizar que su informaci\u00f3n y privacidad quedan protegidas en cumplimiento de lo dispuesto en las obligaciones legislativas aplicables.<\/p>\n\n\n\n<p>El per\u00edodo de retenci\u00f3n de su informaci\u00f3n, indicado en nuestra pol\u00edtica de retenci\u00f3n de datos, quedar\u00e1 determinado en funci\u00f3n de los siguientes criterios:<\/p>\n\n\n\n<ul class=\"wp-block-list\"><li>Necesidades comerciales razonables: durante todo el plazo de tiempo en que le proveamos de bienes y servicios, o gestionemos nuestra relaci\u00f3n con usted o nuestras operaciones, o<\/li><li>Plazos legales razonables: en la medida en que alguien pueda presentar una demanda contra nosotros o necesitemos cumplir nuestras obligaciones fiscales y legales, o<\/li><li>Cualesquiera otros per\u00edodos de retenci\u00f3n en cumplimiento de directrices y requisitos legales y normativos.<\/li><\/ul>\n\n\n\n<p>Minor Group cumplir\u00e1 el plazo legal de retenci\u00f3n de datos personales exigido en cada jurisdicci\u00f3n.<\/p>\n\n\n\n<div style=\"height:30px\" aria-hidden=\"true\" class=\"wp-block-spacer\"><\/div>\n\n\n\n<h3 class=\"wp-block-heading\">Violaci\u00f3n de la seguridad de los datos personales<\/h3>\n\n\n\n<p>En caso de que la confidencialidad, integridad o disponibilidad de los datos personales identificables se hayan visto comprometidas, Minor Group cumplir\u00e1 los requisitos de las legislaciones aplicables en las regiones afectadas, incluyendo el RGPD y la legislaci\u00f3n local.<\/p>\n\n\n\n<p>Nuestras acciones se adecuar\u00e1n al nivel de da\u00f1o asociado con la exposici\u00f3n, los requisitos de la legislaci\u00f3n y los requisitos de los reguladores aplicables. Esto podr\u00eda incluir notificarle tanto a usted como a la autoridad de control competente para facilitarles:<\/p>\n\n\n\n<ul class=\"wp-block-list\"><li>Una exposici\u00f3n de lo que ha ocurrido;<\/li><li>Los tipos de datos afectados, y<\/li><li>Las pr\u00f3ximas medidas que deber\u00eda tomar para hacer frente a la violaci\u00f3n de la seguridad de los datos personales.<\/li><\/ul>\n\n\n\n<p>A la hora de determinar si la violaci\u00f3n de la seguridad supone un alto riesgo para los derechos y las libertadas del interesado, tendremos en cuenta factores como la sensibilidad de la informaci\u00f3n, el tipo de personas que podr\u00edan tener acceso a esa informaci\u00f3n y la naturaleza del perjuicio.<\/p>\n\n\n\n<p>Siempre que tengamos conocimiento de que se ha producido una violaci\u00f3n de la seguridad pero no estemos seguros de las circunstancias en las que se ha producido, llevaremos a cabo un exhaustivo an\u00e1lisis de las circunstancias para determinar el nivel de notificaci\u00f3n necesaria a las autoridades competentes dentro de los plazos establecidos por ley y asegurar que cualquier incidente queda controlado lo m\u00e1s r\u00e1pido posible, y con un plazo de tiempo razonable seg\u00fan las circunstancias.<\/p>\n\n\n\n<div style=\"height:30px\" aria-hidden=\"true\" class=\"wp-block-spacer\"><\/div>\n\n\n\n<h3 class=\"wp-block-heading\">Sus derechos y c\u00f3mo puede ejercerlos<\/h3>\n\n\n\n<p>Tiene derecho a determinar c\u00f3mo utilizamos sus datos y a oponerse a su procesamiento en cualquier momento. Tiene derecho a retirar su consentimiento en cualquier momento, sin que ello afecte al procesamiento legal de datos realizado con anterioridad a la retirada de ese consentimiento.<\/p>\n\n\n\n<p>Le recordamos que tiene derecho a solicitarnos el acceso, la rectificaci\u00f3n o la eliminaci\u00f3n de datos personales, as\u00ed como a limitar el procesamiento u oponerse al procesamiento de sus datos en virtud de las restricciones establecidas en el sistema jur\u00eddico local.<\/p>\n\n\n\n<p>Asimismo, tiene derecho a recibir los datos personales que nos ha facilitado en un formato estructurado, de uso habitual y legible mec\u00e1nicamente, as\u00ed como a transmitir esos datos a otro responsable de tratamiento sin impedimentos por nuestra parte. Cuando ejerce su derecho a la portabilidad de datos, tiene derecho a que un responsable de datos se los transmita directamente al otro, siempre y cuando sea posible desde el punto de vista t\u00e9cnico.<\/p>\n\n\n\n<p>En aquellas circunstancias en las que la ley as\u00ed lo permita, tambi\u00e9n tiene derecho a presentar una reclamaci\u00f3n ante una autoridad de control.<\/p>\n\n\n\n<p>Puede contactarnos en <a href=\"mailto:privacy.corporate@minor.com\">privacy.corporate@minor.com<\/a> para ejercer sus derechos, para lo cual le solicitaremos que un comprobante de su identidad antes de llevar a cabo cualquier cambio.<br><\/p>\n\n\n\n<div style=\"height:30px\" aria-hidden=\"true\" class=\"wp-block-spacer\"><\/div>\n\n\n\n<h3 class=\"wp-block-heading\">Cookies<\/h3>\n\n\n\n<p>Utilizamos cookies (peque\u00f1os archivos de texto que se almacenan en el navegador) y otras t\u00e9cnicas como balizas web (peque\u00f1os archivos de imagen utilizados para seguir sus movimientos en nuestro sitio web). Ambos recogen informaci\u00f3n sobre el uso que hace de nuestro sitio web y de nuestros servicios web. Utilizamos estos archivos para crear informes estad\u00edsticos sobre la actividad del sitio web.<\/p>\n\n\n\n<p>Esto nos sirve para adaptar nuestro sitio web a sus intereses y necesidades. Utilizamos una cookie persistente (una cookie que queda vinculada a su explorador) para registrar sus datos, de modo que podamos reconocerle cuando vuelta a visitar nuestro sitio web.<\/p>\n\n\n\n<p>Puede rechazar las cookies o configurar su explorador para que este le informe cada vez que un sitio web quiera instalar una cookie. Para m\u00e1s informaci\u00f3n sobre cookies, visite www.aboutcookies.org o www.allaboutcookies.org, donde tambi\u00e9n encontrar\u00e1 informaci\u00f3n sobre c\u00f3mo desactivarlas.<\/p>\n\n\n\n<p>Las cookies que utilizamos en este sitio web son:<\/p>\n\n\n\n<p>Cookies estrictamente necesarias: Estas cookies son fundamentales, ya que son las que le permiten desplazarse por los distintos servicios y hacer uso de sus caracter\u00edsticas, como, por ejemplo, acceder a zonas privadas o seguras.<\/p>\n\n\n\n<p>Cookies publicitarias: Estas cookies se utilizan para mostrarle mensajes publicitarios relevantes para usted. Por ejemplo, se encargan de no mostrarle el mismo anuncio varias veces, lo que garantiza que los anuncios se muestran adecuadamente, y de seleccionar anuncios en funci\u00f3n de sus intereses.<\/p>\n\n\n\n<p>Cookies anal\u00edticas: Estas cookies recopilan la informaci\u00f3n utilizada, tanto de forma conjunta para informarnos sobre c\u00f3mo se utilizan los sitios web de Minor Group o sobre la efectividad de nuestras campa\u00f1as de marketing, como para ayudarnos a personalizar nuestro sitio web para usted. Esta informaci\u00f3n tambi\u00e9n se utilizar\u00e1 para analizar el uso que hace del sitio web de Minor Group, elaborar informes sobre la actividad del sitio web de Minor Group para los operadores de sitios web de Minor Group y ofrecerles otros servicios relacionados con la actividad del sitio web de Minor Group y el uso de Internet.<\/p>\n\n\n\n<p>Si desea desactivar las cookies, visite:<\/p>\n\n\n\n<ul class=\"wp-block-list\"><li>Google AdWords \u2013 <a href=\"http:\/\/www.google.com\/settings\/ads\">http:\/\/www.google.com\/settings\/ads<\/a><\/li><li>Facebook Pixel \u2013 Podr\u00e1 desactivar estas cookies o tecnolog\u00edas similares desde la configuraci\u00f3n de su explorador.<\/li><li>Twitter Advertising \u2013 Podr\u00e1 desactivar la publicidad dirigida desde la configuraci\u00f3n de Twitter, en los apartados \u00abContenido promocionado\u00bb y \u00abPersonalizaci\u00f3n\u00bb.<\/li><li>Google Analytics \u2013 Podr\u00e1 desactivar estas cookies desde la configuraci\u00f3n de su explorador o descargando un complemente para el navegador: <a href=\"https:\/\/tools.google.com\/dlpage\/gaoptout?hl=es\">https:\/\/tools.google.com\/dlpage\/gaoptout?hl=es<\/a>.<\/li><\/ul>\n\n\n\n<p>Podr\u00e1 desactivar estas cookies desde la configuraci\u00f3n de su explorador.<\/p>\n\n\n\n<div style=\"height:30px\" aria-hidden=\"true\" class=\"wp-block-spacer\"><\/div>\n\n\n\n<h3 class=\"wp-block-heading\">Outros sitios web<\/h3>\n\n\n\n<p>La presente Pol\u00edtica de Privacidad \u00fanicamente se aplica a este sitio web, que contiene enlaces a otros sitios web. Si decide acceder a otros sitios web a trav\u00e9s de los enlaces, lea las pol\u00edticas de privacidad espec\u00edficas de esos sitios web.<\/p>\n","protected":false},"excerpt":{"rendered":"<p>Su Privacidad nos Importa Minor International PCL, as\u00ed como sus filiales Minor International PCL y sus filiales (en adelante, \u00abMinor Group\u00bb, \u00abnosotros\u00bb o \u00abla empresa\u00bb) (el responsable del tratamiento), es una empresa global que desarrolla su actividad principalmente en tres \u00e1mbitos de negocio: restauraci\u00f3n, hoteles y distribuci\u00f3n de marcas de lifestyle. Entendemos y respetamos la [&hellip;]<\/p>\n","protected":false},"author":1,"featured_media":71,"parent":0,"menu_order":0,"comment_status":"closed","ping_status":"closed","template":"","meta":{"_acf_changed":false,"om_disable_all_campaigns":false,"inline_featured_image":false,"footnotes":""},"class_list":["post-2163","page","type-page","status-publish","has-post-thumbnail","hentry","page-entry"],"acf":[],"aioseo_notices":[],"_links":{"self":[{"href":"https:\/\/www.centrocongressosalgarve.com\/es\/wp-json\/wp\/v2\/pages\/2163","targetHints":{"allow":["GET"]}}],"collection":[{"href":"https:\/\/www.centrocongressosalgarve.com\/es\/wp-json\/wp\/v2\/pages"}],"about":[{"href":"https:\/\/www.centrocongressosalgarve.com\/es\/wp-json\/wp\/v2\/types\/page"}],"author":[{"embeddable":true,"href":"https:\/\/www.centrocongressosalgarve.com\/es\/wp-json\/wp\/v2\/users\/1"}],"replies":[{"embeddable":true,"href":"https:\/\/www.centrocongressosalgarve.com\/es\/wp-json\/wp\/v2\/comments?post=2163"}],"version-history":[{"count":5,"href":"https:\/\/www.centrocongressosalgarve.com\/es\/wp-json\/wp\/v2\/pages\/2163\/revisions"}],"predecessor-version":[{"id":3298,"href":"https:\/\/www.centrocongressosalgarve.com\/es\/wp-json\/wp\/v2\/pages\/2163\/revisions\/3298"}],"wp:featuredmedia":[{"embeddable":true,"href":"https:\/\/www.centrocongressosalgarve.com\/es\/wp-json\/wp\/v2\/media\/71"}],"wp:attachment":[{"href":"https:\/\/www.centrocongressosalgarve.com\/es\/wp-json\/wp\/v2\/media?parent=2163"}],"curies":[{"name":"wp","href":"https:\/\/api.w.org\/{rel}","templated":true}]}}