{"id":2097,"date":"2018-12-10T15:21:51","date_gmt":"2018-12-10T15:21:51","guid":{"rendered":"https:\/\/www.centrocongressosalgarve.com\/eventos-de-moda\/"},"modified":"2019-03-13T12:56:08","modified_gmt":"2019-03-13T12:56:08","slug":"eventos-de-moda","status":"publish","type":"page","link":"https:\/\/www.centrocongressosalgarve.com\/fr\/eventos-sociais\/eventos-de-moda\/","title":{"rendered":"\u00c9v\u00e8nements de Mode"},"content":{"rendered":"\n<p> D\u2019architecture contemporaine, pouvant personnaliser les espaces int\u00e9rieurs et ext\u00e9rieurs selon chaque \u00e9v\u00e8nement, le Centre de Congr\u00e8s d\u2019Algarve est l\u2019un des endroits par excellence en Algarve pour la r\u00e9alisation d\u2019\u00e9v\u00e8nements de mode. Parmi les options disponibles, l\u2019accent est mis sur le toit-terrasse de 2656 m<sup>2<\/sup> avec des vues panoramiques et les Salles F\u00e9nix, dont la hauteur de plafond est de 10 m et o\u00f9 il est possible de suspendre des structures. <\/p>\n","protected":false},"excerpt":{"rendered":"<p>D\u2019architecture contemporaine, pouvant personnaliser les espaces int\u00e9rieurs et ext\u00e9rieurs selon chaque \u00e9v\u00e8nement, le Centre de Congr\u00e8s d\u2019Algarve est l\u2019un des endroits par excellence en Algarve pour la r\u00e9alisation d\u2019\u00e9v\u00e8nements de mode. Parmi les options disponibles, l\u2019accent est mis sur le toit-terrasse de 2656 m2 avec des vues panoramiques et les Salles F\u00e9nix, dont la hauteur [&hellip;]<\/p>\n","protected":false},"author":2,"featured_media":1705,"parent":2100,"menu_order":0,"comment_status":"closed","ping_status":"closed","template":"templates\/social-events-child.php","meta":{"_acf_changed":false,"om_disable_all_campaigns":false,"inline_featured_image":false,"footnotes":""},"class_list":["post-2097","page","type-page","status-publish","has-post-thumbnail","hentry","page-entry"],"acf":[],"aioseo_notices":[],"_links":{"self":[{"href":"https:\/\/www.centrocongressosalgarve.com\/fr\/wp-json\/wp\/v2\/pages\/2097","targetHints":{"allow":["GET"]}}],"collection":[{"href":"https:\/\/www.centrocongressosalgarve.com\/fr\/wp-json\/wp\/v2\/pages"}],"about":[{"href":"https:\/\/www.centrocongressosalgarve.com\/fr\/wp-json\/wp\/v2\/types\/page"}],"author":[{"embeddable":true,"href":"https:\/\/www.centrocongressosalgarve.com\/fr\/wp-json\/wp\/v2\/users\/2"}],"replies":[{"embeddable":true,"href":"https:\/\/www.centrocongressosalgarve.com\/fr\/wp-json\/wp\/v2\/comments?post=2097"}],"version-history":[{"count":2,"href":"https:\/\/www.centrocongressosalgarve.com\/fr\/wp-json\/wp\/v2\/pages\/2097\/revisions"}],"predecessor-version":[{"id":2547,"href":"https:\/\/www.centrocongressosalgarve.com\/fr\/wp-json\/wp\/v2\/pages\/2097\/revisions\/2547"}],"up":[{"embeddable":true,"href":"https:\/\/www.centrocongressosalgarve.com\/fr\/wp-json\/wp\/v2\/pages\/2100"}],"wp:featuredmedia":[{"embeddable":true,"href":"https:\/\/www.centrocongressosalgarve.com\/fr\/wp-json\/wp\/v2\/media\/1705"}],"wp:attachment":[{"href":"https:\/\/www.centrocongressosalgarve.com\/fr\/wp-json\/wp\/v2\/media?parent=2097"}],"curies":[{"name":"wp","href":"https:\/\/api.w.org\/{rel}","templated":true}]}}