{"id":2104,"date":"2018-12-10T14:45:22","date_gmt":"2018-12-10T14:45:22","guid":{"rendered":"https:\/\/www.centrocongressosalgarve.com\/eventos-sociais\/espetaculos-estreias\/"},"modified":"2019-03-13T12:57:44","modified_gmt":"2019-03-13T12:57:44","slug":"espetaculos-estreias","status":"publish","type":"page","link":"https:\/\/www.centrocongressosalgarve.com\/fr\/eventos-sociais\/espetaculos-estreias\/","title":{"rendered":"Spectacles et Avant-Premi\u00e8res"},"content":{"rendered":"\n<p>Muni de diff\u00e9rents espaces   adaptables, d\u2019une d\u00e9coration neutre et d\u2019une capacit\u00e9 pouvant accueillir   jusqu\u2019\u00e0 3000 personnes, le Centre de Congr\u00e8s d\u2019Algarve est techniquement   pr\u00e9dispos\u00e9 pour recevoir des pi\u00e8ces de th\u00e9\u00e2tre, des \u00e9v\u00e8nements musicaux et des   films projet\u00e9s en avant-premi\u00e8re.   <\/p>\n","protected":false},"excerpt":{"rendered":"<p>Muni de diff\u00e9rents espaces adaptables, d\u2019une d\u00e9coration neutre et d\u2019une capacit\u00e9 pouvant accueillir jusqu\u2019\u00e0 3000 personnes, le Centre de Congr\u00e8s d\u2019Algarve est techniquement pr\u00e9dispos\u00e9 pour recevoir des pi\u00e8ces de th\u00e9\u00e2tre, des \u00e9v\u00e8nements musicaux et des films projet\u00e9s en avant-premi\u00e8re.<\/p>\n","protected":false},"author":2,"featured_media":1672,"parent":2100,"menu_order":0,"comment_status":"closed","ping_status":"closed","template":"templates\/social-events-child.php","meta":{"_acf_changed":false,"om_disable_all_campaigns":false,"inline_featured_image":false,"footnotes":""},"class_list":["post-2104","page","type-page","status-publish","has-post-thumbnail","hentry","page-entry"],"acf":[],"aioseo_notices":[],"_links":{"self":[{"href":"https:\/\/www.centrocongressosalgarve.com\/fr\/wp-json\/wp\/v2\/pages\/2104","targetHints":{"allow":["GET"]}}],"collection":[{"href":"https:\/\/www.centrocongressosalgarve.com\/fr\/wp-json\/wp\/v2\/pages"}],"about":[{"href":"https:\/\/www.centrocongressosalgarve.com\/fr\/wp-json\/wp\/v2\/types\/page"}],"author":[{"embeddable":true,"href":"https:\/\/www.centrocongressosalgarve.com\/fr\/wp-json\/wp\/v2\/users\/2"}],"replies":[{"embeddable":true,"href":"https:\/\/www.centrocongressosalgarve.com\/fr\/wp-json\/wp\/v2\/comments?post=2104"}],"version-history":[{"count":3,"href":"https:\/\/www.centrocongressosalgarve.com\/fr\/wp-json\/wp\/v2\/pages\/2104\/revisions"}],"predecessor-version":[{"id":2544,"href":"https:\/\/www.centrocongressosalgarve.com\/fr\/wp-json\/wp\/v2\/pages\/2104\/revisions\/2544"}],"up":[{"embeddable":true,"href":"https:\/\/www.centrocongressosalgarve.com\/fr\/wp-json\/wp\/v2\/pages\/2100"}],"wp:featuredmedia":[{"embeddable":true,"href":"https:\/\/www.centrocongressosalgarve.com\/fr\/wp-json\/wp\/v2\/media\/1672"}],"wp:attachment":[{"href":"https:\/\/www.centrocongressosalgarve.com\/fr\/wp-json\/wp\/v2\/media?parent=2104"}],"curies":[{"name":"wp","href":"https:\/\/api.w.org\/{rel}","templated":true}]}}